{"id":11271,"date":"2024-01-16T14:09:10","date_gmt":"2024-01-16T17:09:10","guid":{"rendered":"https:\/\/fcmsantacasasp.edu.br\/vemprasanta\/?page_id=11271"},"modified":"2026-09-01T12:27:58","modified_gmt":"2026-09-01T15:27:58","slug":"programacao-defesa-de-teses","status":"publish","type":"page","link":"https:\/\/fcmsantacasasp.edu.br\/vemprasanta\/programacao-defesa-de-teses\/","title":{"rendered":"Programa\u00e7\u00e3o Defesa de Teses"},"content":{"rendered":"<h2>Setembro de 2026<\/h2>\n<hr \/>\n<p class=\"PDq2pG_selectionAnchorContainer\" data-start=\"25\" data-end=\"61\"><strong data-start=\"25\" data-end=\"61\">04 de setembro de 2026, \u00e0s 10h30<\/strong><\/p>\n<p data-start=\"63\" data-end=\"101\"><strong data-start=\"63\" data-end=\"73\">Aluno:<\/strong> Raphaella de Paula Ferreira<\/p>\n<p data-start=\"103\" data-end=\"144\"><strong data-start=\"103\" data-end=\"144\">Mestrado | Programa Ci\u00eancias da Sa\u00fade<\/strong><\/p>\n<p data-start=\"146\" data-end=\"287\"><strong data-start=\"146\" data-end=\"287\">Predi\u00e7\u00e3o de recidiva e sobrevida global no c\u00e2ncer de c\u00f3lon: an\u00e1lise de mundo real e papel da quimioterapia adjuvante no estadiamento T3N0<\/strong><\/p>\n<p data-start=\"289\" data-end=\"334\"><strong data-start=\"289\" data-end=\"304\">Orientador:<\/strong> Prof. Dr. Luiz Arnaldo Szutan<\/p>\n<p data-start=\"336\" data-end=\"395\"><strong data-start=\"336\" data-end=\"353\">Coorientador:<\/strong> Prof. Dr. Flavio Daniel Saavedra Tomasich<\/p>\n<p data-start=\"397\" data-end=\"475\"><strong data-start=\"397\" data-end=\"407\">Local:<\/strong> Rua Dona Veridiana, n\u00ba 55 \u2013 Audit\u00f3rio FAVC (Andar A) \u2013 Vila Buarque<\/p>\n<hr data-start=\"477\" data-end=\"480\" \/>\n<p data-start=\"482\" data-end=\"517\"><strong data-start=\"482\" data-end=\"517\">11 de setembro de 2026, \u00e0s 9h00<\/strong><\/p>\n<p data-start=\"519\" data-end=\"553\"><strong data-start=\"519\" data-end=\"529\">Aluno:<\/strong> Emanuely Rolim Nogueira<\/p>\n<p data-start=\"555\" data-end=\"597\"><strong data-start=\"555\" data-end=\"597\">Doutorado | Programa Ci\u00eancias da Sa\u00fade<\/strong><\/p>\n<p data-start=\"599\" data-end=\"667\"><strong data-start=\"599\" data-end=\"667\">Nomofobia: o transtorno da modernidade em estudantes de medicina<\/strong><\/p>\n<p data-start=\"669\" data-end=\"720\"><strong data-start=\"669\" data-end=\"684\">Orientador:<\/strong> Prof. Dr. Roberto Alexandre Franken<\/p>\n<p data-start=\"722\" data-end=\"817\"><strong data-start=\"722\" data-end=\"732\">Local:<\/strong> Largo Santa Cec\u00edlia, n\u00ba 47 \u2013 Audit\u00f3rio Lu\u00eds Eul\u00e1lio de Bueno (T\u00e9rreo) \u2013 Vila Buarque<\/p>\n<hr data-start=\"819\" data-end=\"822\" \/>\n<p data-start=\"824\" data-end=\"859\"><strong data-start=\"824\" data-end=\"859\">23 de setembro de 2026, \u00e0s 9h30<\/strong><\/p>\n<p data-start=\"861\" data-end=\"906\"><strong data-start=\"861\" data-end=\"871\">Aluno:<\/strong> Ana Carolina Alves Rosario de Sica<\/p>\n<p data-start=\"908\" data-end=\"950\"><strong data-start=\"908\" data-end=\"950\">Doutorado | Programa Ci\u00eancias da Sa\u00fade<\/strong><\/p>\n<p data-start=\"952\" data-end=\"1131\"><strong data-start=\"952\" data-end=\"1131\">Avalia\u00e7\u00e3o comparativa de dispositivos de coleta e meios l\u00edquidos de conserva\u00e7\u00e3o na citologia onc\u00f3tica de les\u00f5es intraepiteliais cervicais de alto grau e c\u00e2ncer de colo uterino<\/strong><\/p>\n<p data-start=\"1133\" data-end=\"1190\"><strong data-start=\"1133\" data-end=\"1149\">Orientadora:<\/strong> Profa. Dra. Adriana Bittencourt Campaner<\/p>\n<p data-start=\"1192\" data-end=\"1287\"><strong data-start=\"1192\" data-end=\"1202\">Local:<\/strong> Largo Santa Cec\u00edlia, n\u00ba 47 \u2013 Audit\u00f3rio Lu\u00eds Eul\u00e1lio de Bueno (T\u00e9rreo) \u2013 Vila Buarque<\/p>\n","protected":false},"excerpt":{"rendered":"<p>Setembro de 2026 04 de setembro de 2026, \u00e0s 10h30 Aluno: Raphaella de Paula Ferreira Mestrado | Programa Ci\u00eancias da Sa\u00fade Predi\u00e7\u00e3o de recidiva e sobrevida global no c\u00e2ncer de c\u00f3lon: an\u00e1lise de mundo real e papel da quimioterapia adjuvante no estadiamento T3N0 Orientador: Prof. Dr. Luiz Arnaldo Szutan Coorientador: Prof. Dr. Flavio Daniel Saavedra [&hellip;]<\/p>\n","protected":false},"author":1,"featured_media":0,"parent":0,"menu_order":0,"comment_status":"closed","ping_status":"closed","template":"page-coluna-lateral-noticias.php","meta":{"footnotes":""},"class_list":["post-11271","page","type-page","status-publish","hentry"],"acf":[],"yoast_head":"<!-- This site is optimized with the Yoast SEO Premium plugin v28.1 (Yoast SEO v28.1) - https:\/\/yoast.com\/product\/yoast-seo-premium-wordpress\/ -->\n<title>Programa\u00e7\u00e3o Defesa de Teses - Faculdade de Ci\u00eancias M\u00e9dicas da Santa Casa de S\u00e3o Paulo<\/title>\n<meta name=\"robots\" content=\"index, follow, max-snippet:-1, max-image-preview:large, max-video-preview:-1\" \/>\n<link rel=\"canonical\" href=\"https:\/\/fcmsantacasasp.edu.br\/vemprasanta\/programacao-defesa-de-teses\/\" \/>\n<meta property=\"og:locale\" content=\"pt_BR\" \/>\n<meta property=\"og:type\" content=\"article\" \/>\n<meta property=\"og:title\" content=\"Programa\u00e7\u00e3o Defesa de Teses\" \/>\n<meta property=\"og:description\" content=\"Setembro de 2026 04 de setembro de 2026, \u00e0s 10h30 Aluno: Raphaella de Paula Ferreira Mestrado | Programa Ci\u00eancias da Sa\u00fade Predi\u00e7\u00e3o de recidiva e sobrevida global no c\u00e2ncer de c\u00f3lon: an\u00e1lise de mundo real e papel da quimioterapia adjuvante no estadiamento T3N0 Orientador: Prof. Dr. Luiz Arnaldo Szutan Coorientador: Prof. Dr. Flavio Daniel Saavedra [&hellip;]\" \/>\n<meta property=\"og:url\" content=\"https:\/\/fcmsantacasasp.edu.br\/vemprasanta\/programacao-defesa-de-teses\/\" \/>\n<meta property=\"og:site_name\" content=\"Faculdade de Ci\u00eancias M\u00e9dicas da Santa Casa de S\u00e3o Paulo\" \/>\n<meta property=\"article:modified_time\" content=\"2026-09-01T15:27:58+00:00\" \/>\n<meta name=\"twitter:card\" content=\"summary_large_image\" \/>\n<meta name=\"twitter:label1\" content=\"Est. tempo de leitura\" \/>\n\t<meta name=\"twitter:data1\" content=\"1 minuto\" \/>\n<script type=\"application\/ld+json\" class=\"yoast-schema-graph\">{\"@context\":\"https:\\\/\\\/schema.org\",\"@graph\":[{\"@type\":\"WebPage\",\"@id\":\"https:\\\/\\\/fcmsantacasasp.edu.br\\\/vemprasanta\\\/programacao-defesa-de-teses\\\/\",\"url\":\"https:\\\/\\\/fcmsantacasasp.edu.br\\\/vemprasanta\\\/programacao-defesa-de-teses\\\/\",\"name\":\"Programa\u00e7\u00e3o Defesa de Teses - Faculdade de Ci\u00eancias M\u00e9dicas da Santa Casa de S\u00e3o Paulo\",\"isPartOf\":{\"@id\":\"https:\\\/\\\/fcmsantacasasp.edu.br\\\/vemprasanta\\\/#website\"},\"datePublished\":\"2024-01-16T17:09:10+00:00\",\"dateModified\":\"2026-09-01T15:27:58+00:00\",\"breadcrumb\":{\"@id\":\"https:\\\/\\\/fcmsantacasasp.edu.br\\\/vemprasanta\\\/programacao-defesa-de-teses\\\/#breadcrumb\"},\"inLanguage\":\"pt-BR\",\"potentialAction\":[{\"@type\":\"ReadAction\",\"target\":[\"https:\\\/\\\/fcmsantacasasp.edu.br\\\/vemprasanta\\\/programacao-defesa-de-teses\\\/\"]}]},{\"@type\":\"BreadcrumbList\",\"@id\":\"https:\\\/\\\/fcmsantacasasp.edu.br\\\/vemprasanta\\\/programacao-defesa-de-teses\\\/#breadcrumb\",\"itemListElement\":[{\"@type\":\"ListItem\",\"position\":1,\"name\":\"In\u00edcio\",\"item\":\"https:\\\/\\\/fcmsantacasasp.edu.br\\\/vemprasanta\\\/\"},{\"@type\":\"ListItem\",\"position\":2,\"name\":\"Programa\u00e7\u00e3o Defesa de Teses\"}]},{\"@type\":\"WebSite\",\"@id\":\"https:\\\/\\\/fcmsantacasasp.edu.br\\\/vemprasanta\\\/#website\",\"url\":\"https:\\\/\\\/fcmsantacasasp.edu.br\\\/vemprasanta\\\/\",\"name\":\"Faculdade de Ci\u00eancias M\u00e9dicas da Santa Casa de S\u00e3o Paulo\",\"description\":\"\",\"potentialAction\":[{\"@type\":\"SearchAction\",\"target\":{\"@type\":\"EntryPoint\",\"urlTemplate\":\"https:\\\/\\\/fcmsantacasasp.edu.br\\\/vemprasanta\\\/?s={search_term_string}\"},\"query-input\":{\"@type\":\"PropertyValueSpecification\",\"valueRequired\":true,\"valueName\":\"search_term_string\"}}],\"inLanguage\":\"pt-BR\"}]}<\/script>\n<!-- \/ Yoast SEO Premium plugin. -->","yoast_head_json":{"title":"Programa\u00e7\u00e3o Defesa de Teses - Faculdade de Ci\u00eancias M\u00e9dicas da Santa Casa de S\u00e3o Paulo","robots":{"index":"index","follow":"follow","max-snippet":"max-snippet:-1","max-image-preview":"max-image-preview:large","max-video-preview":"max-video-preview:-1"},"canonical":"https:\/\/fcmsantacasasp.edu.br\/vemprasanta\/programacao-defesa-de-teses\/","og_locale":"pt_BR","og_type":"article","og_title":"Programa\u00e7\u00e3o Defesa de Teses","og_description":"Setembro de 2026 04 de setembro de 2026, \u00e0s 10h30 Aluno: Raphaella de Paula Ferreira Mestrado | Programa Ci\u00eancias da Sa\u00fade Predi\u00e7\u00e3o de recidiva e sobrevida global no c\u00e2ncer de c\u00f3lon: an\u00e1lise de mundo real e papel da quimioterapia adjuvante no estadiamento T3N0 Orientador: Prof. Dr. Luiz Arnaldo Szutan Coorientador: Prof. Dr. Flavio Daniel Saavedra [&hellip;]","og_url":"https:\/\/fcmsantacasasp.edu.br\/vemprasanta\/programacao-defesa-de-teses\/","og_site_name":"Faculdade de Ci\u00eancias M\u00e9dicas da Santa Casa de S\u00e3o Paulo","article_modified_time":"2026-09-01T15:27:58+00:00","twitter_card":"summary_large_image","twitter_misc":{"Est. tempo de leitura":"1 minuto"},"schema":{"@context":"https:\/\/schema.org","@graph":[{"@type":"WebPage","@id":"https:\/\/fcmsantacasasp.edu.br\/vemprasanta\/programacao-defesa-de-teses\/","url":"https:\/\/fcmsantacasasp.edu.br\/vemprasanta\/programacao-defesa-de-teses\/","name":"Programa\u00e7\u00e3o Defesa de Teses - Faculdade de Ci\u00eancias M\u00e9dicas da Santa Casa de S\u00e3o Paulo","isPartOf":{"@id":"https:\/\/fcmsantacasasp.edu.br\/vemprasanta\/#website"},"datePublished":"2024-01-16T17:09:10+00:00","dateModified":"2026-09-01T15:27:58+00:00","breadcrumb":{"@id":"https:\/\/fcmsantacasasp.edu.br\/vemprasanta\/programacao-defesa-de-teses\/#breadcrumb"},"inLanguage":"pt-BR","potentialAction":[{"@type":"ReadAction","target":["https:\/\/fcmsantacasasp.edu.br\/vemprasanta\/programacao-defesa-de-teses\/"]}]},{"@type":"BreadcrumbList","@id":"https:\/\/fcmsantacasasp.edu.br\/vemprasanta\/programacao-defesa-de-teses\/#breadcrumb","itemListElement":[{"@type":"ListItem","position":1,"name":"In\u00edcio","item":"https:\/\/fcmsantacasasp.edu.br\/vemprasanta\/"},{"@type":"ListItem","position":2,"name":"Programa\u00e7\u00e3o Defesa de Teses"}]},{"@type":"WebSite","@id":"https:\/\/fcmsantacasasp.edu.br\/vemprasanta\/#website","url":"https:\/\/fcmsantacasasp.edu.br\/vemprasanta\/","name":"Faculdade de Ci\u00eancias M\u00e9dicas da Santa Casa de S\u00e3o Paulo","description":"","potentialAction":[{"@type":"SearchAction","target":{"@type":"EntryPoint","urlTemplate":"https:\/\/fcmsantacasasp.edu.br\/vemprasanta\/?s={search_term_string}"},"query-input":{"@type":"PropertyValueSpecification","valueRequired":true,"valueName":"search_term_string"}}],"inLanguage":"pt-BR"}]}},"_links":{"self":[{"href":"https:\/\/fcmsantacasasp.edu.br\/vemprasanta\/wp-json\/wp\/v2\/pages\/11271","targetHints":{"allow":["GET"]}}],"collection":[{"href":"https:\/\/fcmsantacasasp.edu.br\/vemprasanta\/wp-json\/wp\/v2\/pages"}],"about":[{"href":"https:\/\/fcmsantacasasp.edu.br\/vemprasanta\/wp-json\/wp\/v2\/types\/page"}],"author":[{"embeddable":true,"href":"https:\/\/fcmsantacasasp.edu.br\/vemprasanta\/wp-json\/wp\/v2\/users\/1"}],"replies":[{"embeddable":true,"href":"https:\/\/fcmsantacasasp.edu.br\/vemprasanta\/wp-json\/wp\/v2\/comments?post=11271"}],"version-history":[{"count":72,"href":"https:\/\/fcmsantacasasp.edu.br\/vemprasanta\/wp-json\/wp\/v2\/pages\/11271\/revisions"}],"predecessor-version":[{"id":35437,"href":"https:\/\/fcmsantacasasp.edu.br\/vemprasanta\/wp-json\/wp\/v2\/pages\/11271\/revisions\/35437"}],"wp:attachment":[{"href":"https:\/\/fcmsantacasasp.edu.br\/vemprasanta\/wp-json\/wp\/v2\/media?parent=11271"}],"curies":[{"name":"wp","href":"https:\/\/api.w.org\/{rel}","templated":true}]}}